{"id":64,"date":"2026-08-26T13:15:47","date_gmt":"2026-08-26T13:15:47","guid":{"rendered":"https:\/\/geschenk-markt.ch\/?page_id=64"},"modified":"2026-08-27T14:52:36","modified_gmt":"2026-08-27T14:52:36","slug":"schneide-und-servierbretter","status":"publish","type":"page","link":"https:\/\/geschenk-markt.ch\/?page_id=64","title":{"rendered":"Schneide- und Servierbretter"},"content":{"rendered":"\n<div class=\"wp-block-columns is-layout-flex wp-container-core-columns-is-layout-794e3cfa wp-block-columns-is-layout-flex\">\n<div class=\"wp-block-column is-layout-flow wp-block-column-is-layout-flow\"><\/div>\n\n\n\n<div class=\"wp-block-column is-layout-flow wp-block-column-is-layout-flow\"><\/div>\n\n\n\n<div class=\"wp-block-column is-layout-flow wp-block-column-is-layout-flow\"><\/div>\n<\/div>\n\n\n\n<figure class=\"wp-block-image size-full is-resized\"><img loading=\"lazy\" decoding=\"async\" width=\"2560\" height=\"1476\" src=\"https:\/\/geschenk-markt.ch\/wp-content\/uploads\/2026\/08\/Schneidebrett-Garten-Schatten-entfernt-und-leicht-aufgehellt-edited-scaled.jpg\" alt=\"Schneidebrett mit Initialen\" class=\"wp-image-147\" style=\"width:634px;height:auto\" srcset=\"https:\/\/geschenk-markt.ch\/wp-content\/uploads\/2026\/08\/Schneidebrett-Garten-Schatten-entfernt-und-leicht-aufgehellt-edited-scaled.jpg 2560w, https:\/\/geschenk-markt.ch\/wp-content\/uploads\/2026\/08\/Schneidebrett-Garten-Schatten-entfernt-und-leicht-aufgehellt-edited-300x173.jpg 300w, https:\/\/geschenk-markt.ch\/wp-content\/uploads\/2026\/08\/Schneidebrett-Garten-Schatten-entfernt-und-leicht-aufgehellt-edited-1024x591.jpg 1024w, https:\/\/geschenk-markt.ch\/wp-content\/uploads\/2026\/08\/Schneidebrett-Garten-Schatten-entfernt-und-leicht-aufgehellt-edited-768x443.jpg 768w, https:\/\/geschenk-markt.ch\/wp-content\/uploads\/2026\/08\/Schneidebrett-Garten-Schatten-entfernt-und-leicht-aufgehellt-edited-1536x886.jpg 1536w, https:\/\/geschenk-markt.ch\/wp-content\/uploads\/2026\/08\/Schneidebrett-Garten-Schatten-entfernt-und-leicht-aufgehellt-edited-2048x1181.jpg 2048w\" sizes=\"auto, (max-width: 2560px) 100vw, 2560px\" \/><\/figure>\n\n\n\n<div class=\"wp-block-columns is-layout-flex wp-container-core-columns-is-layout-794e3cfa wp-block-columns-is-layout-flex\">\n<div class=\"wp-block-column is-layout-flow wp-block-column-is-layout-flow\">\n<p class=\"has-medium-font-size wp-block-paragraph\"><strong>Pers\u00f6nlich gravierte Schneide- und Servierbretter aus Holz<\/strong><\/p>\n\n\n\n<p class=\"has-medium-font-size wp-block-paragraph\">Unsere Schneide und Servierbretter werden nach Ihren W\u00fcnschen individuell graviert. Ob Name, pers\u00f6nlicher Spruch, Jubil\u00e4um, Pensionierung oder Firmenlogo \u2013 so entsteht ein pers\u00f6nliches Geschenk f\u00fcr viele besondere Anl\u00e4sse. Untenstehend finden Sie einige Ideen.<\/p>\n\n\n\n<p class=\"has-medium-font-size wp-block-paragraph\"><strong>Alle angegebenen Preise verstehen sich inklusive Gravur. F\u00fcr den Versand berechnen wir zus\u00e4tzlich CHF 9.90 Porto.<\/strong><\/p>\n<\/div>\n<\/div>\n\n\n\n<div class=\"wp-block-columns is-layout-flex wp-container-core-columns-is-layout-794e3cfa wp-block-columns-is-layout-flex\">\n<div class=\"wp-block-column is-layout-flow wp-block-column-is-layout-flow\">\n<figure class=\"wp-block-image size-large\"><img loading=\"lazy\" decoding=\"async\" width=\"1347\" height=\"836\" src=\"https:\/\/geschenk-markt.ch\/wp-content\/uploads\/2026\/08\/Schneidebrett-mit-Griff-Eiche-geoelt-21-2-edited.png\" alt=\"Schneidebrett mit Gravur Firmenlogo\" class=\"wp-image-79\" srcset=\"https:\/\/geschenk-markt.ch\/wp-content\/uploads\/2026\/08\/Schneidebrett-mit-Griff-Eiche-geoelt-21-2-edited.png 1347w, https:\/\/geschenk-markt.ch\/wp-content\/uploads\/2026\/08\/Schneidebrett-mit-Griff-Eiche-geoelt-21-2-edited-300x186.png 300w, https:\/\/geschenk-markt.ch\/wp-content\/uploads\/2026\/08\/Schneidebrett-mit-Griff-Eiche-geoelt-21-2-edited-1024x636.png 1024w, https:\/\/geschenk-markt.ch\/wp-content\/uploads\/2026\/08\/Schneidebrett-mit-Griff-Eiche-geoelt-21-2-edited-768x477.png 768w\" sizes=\"auto, (max-width: 1347px) 100vw, 1347px\" \/><\/figure>\n\n\n\n<h5 class=\"wp-block-heading is-style-text-annotation is-style-text-annotation--1\">Schneidebrett Eiche ge\u00f6lt 30 x 18 x 1.5cm<br>Firmenlogo<br><br><strong>CHF 31.&#8211; plus Porto<\/strong><\/h5>\n\n\n\n<div class=\"wp-block-buttons is-layout-flex wp-block-buttons-is-layout-flex\">\n<div class=\"wp-block-button\"><a class=\"wp-block-button__link wp-element-button\" href=\"mailto:erwin.braegger@gmail.com?subject=Anfrage%3A%20Schneidebrett%20Eiche%20ge%C3%B6lt%2030%20x%2018%20x%201.5%20cm%20Firmenlogo\" style=\"padding-top:0;padding-right:var(--wp--preset--spacing--20);padding-bottom:0;padding-left:var(--wp--preset--spacing--20)\">Anfrage senden<\/a><\/div>\n<\/div>\n<\/div>\n\n\n\n<div class=\"wp-block-column is-layout-flow wp-block-column-is-layout-flow\">\n<figure class=\"wp-block-image size-large\"><img loading=\"lazy\" decoding=\"async\" width=\"1373\" height=\"860\" src=\"https:\/\/geschenk-markt.ch\/wp-content\/uploads\/2026\/08\/Schneidebrett-mit-Griff-Eiche-geoelt-6-edited.png\" alt=\"Schneidebrett mit Gravur Hochzeit\" class=\"wp-image-80\" srcset=\"https:\/\/geschenk-markt.ch\/wp-content\/uploads\/2026\/08\/Schneidebrett-mit-Griff-Eiche-geoelt-6-edited.png 1373w, https:\/\/geschenk-markt.ch\/wp-content\/uploads\/2026\/08\/Schneidebrett-mit-Griff-Eiche-geoelt-6-edited-300x188.png 300w, https:\/\/geschenk-markt.ch\/wp-content\/uploads\/2026\/08\/Schneidebrett-mit-Griff-Eiche-geoelt-6-edited-1024x641.png 1024w, https:\/\/geschenk-markt.ch\/wp-content\/uploads\/2026\/08\/Schneidebrett-mit-Griff-Eiche-geoelt-6-edited-768x481.png 768w\" sizes=\"auto, (max-width: 1373px) 100vw, 1373px\" \/><\/figure>\n\n\n\n<h5 class=\"wp-block-heading is-style-text-annotation is-style-text-annotation--2\">Schneidebrett Eiche ge\u00f6lt 30 x 18 x 1.5cm<br>Hochzeit<br><br><strong>CHF 31.&#8211; plus Porto<\/strong><\/h5>\n\n\n\n<div class=\"wp-block-buttons is-layout-flex wp-block-buttons-is-layout-flex\">\n<div class=\"wp-block-button\"><a class=\"wp-block-button__link wp-element-button\" href=\"mailto:erwin.braegger@gmail.com?subject=Anfrage%3A%20Schneidebrett%20Eiche%20ge%C3%B6lt%2030%20x%2018%20x%201.5%20cm%20Hochzeit\" style=\"padding-top:0;padding-right:var(--wp--preset--spacing--20);padding-bottom:0;padding-left:var(--wp--preset--spacing--20)\">Anfrage senden<\/a><\/div>\n<\/div>\n<\/div>\n\n\n\n<div class=\"wp-block-column is-layout-flow wp-block-column-is-layout-flow\">\n<figure class=\"wp-block-image size-large\"><img loading=\"lazy\" decoding=\"async\" width=\"1360\" height=\"855\" src=\"https:\/\/geschenk-markt.ch\/wp-content\/uploads\/2026\/08\/Schneidebrett-mit-Griff-Eiche-geoelt-12-2-edited.png\" alt=\"\" class=\"wp-image-81\" srcset=\"https:\/\/geschenk-markt.ch\/wp-content\/uploads\/2026\/08\/Schneidebrett-mit-Griff-Eiche-geoelt-12-2-edited.png 1360w, https:\/\/geschenk-markt.ch\/wp-content\/uploads\/2026\/08\/Schneidebrett-mit-Griff-Eiche-geoelt-12-2-edited-300x189.png 300w, https:\/\/geschenk-markt.ch\/wp-content\/uploads\/2026\/08\/Schneidebrett-mit-Griff-Eiche-geoelt-12-2-edited-1024x644.png 1024w, https:\/\/geschenk-markt.ch\/wp-content\/uploads\/2026\/08\/Schneidebrett-mit-Griff-Eiche-geoelt-12-2-edited-768x483.png 768w\" sizes=\"auto, (max-width: 1360px) 100vw, 1360px\" \/><\/figure>\n\n\n\n<h5 class=\"wp-block-heading is-style-text-annotation is-style-text-annotation--3\">Schneidebrett Eiche ge\u00f6lt 30 x 18 x 1.5cm<br>Danke <br><br><strong>CHF 31.&#8211; plus Porto<\/strong><\/h5>\n\n\n\n<div class=\"wp-block-buttons is-layout-flex wp-block-buttons-is-layout-flex\">\n<div class=\"wp-block-button\"><a class=\"wp-block-button__link wp-element-button\" href=\"mailto:erwin.braegger@gmail.com?subject=Anfrage%3A%20Schneidebrett%20Eiche%20ge%C3%B6lt%2030%20x%2018%20x%201.5%20cm%20Danke\" style=\"padding-top:0;padding-right:var(--wp--preset--spacing--20);padding-bottom:0;padding-left:var(--wp--preset--spacing--20)\">Anfrage senden<\/a><\/div>\n<\/div>\n<\/div>\n<\/div>\n\n\n\n<div class=\"wp-block-columns is-layout-flex wp-container-core-columns-is-layout-794e3cfa wp-block-columns-is-layout-flex\">\n<div class=\"wp-block-column is-layout-flow wp-block-column-is-layout-flow\">\n<figure class=\"wp-block-image size-large\"><img loading=\"lazy\" decoding=\"async\" width=\"1703\" height=\"851\" src=\"https:\/\/geschenk-markt.ch\/wp-content\/uploads\/2026\/08\/Schneidebrett-mit-Griff-Eiche-geoelt-17-edited.png\" alt=\"Schneidebrett Gravur Pension\" class=\"wp-image-85\" srcset=\"https:\/\/geschenk-markt.ch\/wp-content\/uploads\/2026\/08\/Schneidebrett-mit-Griff-Eiche-geoelt-17-edited.png 1703w, https:\/\/geschenk-markt.ch\/wp-content\/uploads\/2026\/08\/Schneidebrett-mit-Griff-Eiche-geoelt-17-edited-300x150.png 300w, https:\/\/geschenk-markt.ch\/wp-content\/uploads\/2026\/08\/Schneidebrett-mit-Griff-Eiche-geoelt-17-edited-1024x512.png 1024w, https:\/\/geschenk-markt.ch\/wp-content\/uploads\/2026\/08\/Schneidebrett-mit-Griff-Eiche-geoelt-17-edited-768x384.png 768w, https:\/\/geschenk-markt.ch\/wp-content\/uploads\/2026\/08\/Schneidebrett-mit-Griff-Eiche-geoelt-17-edited-1536x768.png 1536w\" sizes=\"auto, (max-width: 1703px) 100vw, 1703px\" \/><\/figure>\n\n\n\n<h5 class=\"wp-block-heading is-style-text-annotation is-style-text-annotation--4\">Schneidebrett mit Griff Eiche ge\u00f6lt<br>40 x 20 x 2 cm<br>Pension<br><br><strong>CHF 36.&#8211; plus Porto<\/strong><\/h5>\n\n\n\n<div class=\"wp-block-buttons is-layout-flex wp-block-buttons-is-layout-flex\">\n<div class=\"wp-block-button\"><a class=\"wp-block-button__link wp-element-button\" href=\"mailto:erwin.braegger@gmail.com?subject=Anfrage%3A%20Schneidebrett%20mit%20Griff%20Eiche%20ge%C3%B6lt%2040%20x%2020%20x%202%20cm%20Pension\" style=\"padding-top:0;padding-right:var(--wp--preset--spacing--20);padding-bottom:0;padding-left:var(--wp--preset--spacing--20)\">Anfrage senden<\/a><\/div>\n<\/div>\n<\/div>\n\n\n\n<div class=\"wp-block-column is-layout-flow wp-block-column-is-layout-flow\">\n<figure class=\"wp-block-image size-large\"><img loading=\"lazy\" decoding=\"async\" width=\"1657\" height=\"856\" src=\"https:\/\/geschenk-markt.ch\/wp-content\/uploads\/2026\/08\/Schneidebrett-mit-Griff-Eiche-geoelt-6-1-edited.png\" alt=\"Schneidebrett Gravur Hochzeit \" class=\"wp-image-86\" srcset=\"https:\/\/geschenk-markt.ch\/wp-content\/uploads\/2026\/08\/Schneidebrett-mit-Griff-Eiche-geoelt-6-1-edited.png 1657w, https:\/\/geschenk-markt.ch\/wp-content\/uploads\/2026\/08\/Schneidebrett-mit-Griff-Eiche-geoelt-6-1-edited-300x155.png 300w, https:\/\/geschenk-markt.ch\/wp-content\/uploads\/2026\/08\/Schneidebrett-mit-Griff-Eiche-geoelt-6-1-edited-1024x529.png 1024w, https:\/\/geschenk-markt.ch\/wp-content\/uploads\/2026\/08\/Schneidebrett-mit-Griff-Eiche-geoelt-6-1-edited-768x397.png 768w, https:\/\/geschenk-markt.ch\/wp-content\/uploads\/2026\/08\/Schneidebrett-mit-Griff-Eiche-geoelt-6-1-edited-1536x793.png 1536w\" sizes=\"auto, (max-width: 1657px) 100vw, 1657px\" \/><\/figure>\n\n\n\n<h5 class=\"wp-block-heading is-style-text-annotation is-style-text-annotation--5\">Schneidebrett mit Griff Eiche ge\u00f6lt<br>40 x 20 x 2 cm<br>Hochzeit<br><br><strong>CHF 36.&#8211; plus Porto<\/strong><\/h5>\n\n\n\n<div class=\"wp-block-buttons is-layout-flex wp-block-buttons-is-layout-flex\">\n<div class=\"wp-block-button\"><a class=\"wp-block-button__link wp-element-button\" href=\"mailto:erwin.braegger@gmail.com?subject=Anfrage%3A%20Schneidebrett%20mit%20Griff%20Eiche%20ge%C3%B6lt%2040%20x%2020%20x%202%20cm%20Hochzeit\" style=\"padding-top:0;padding-right:var(--wp--preset--spacing--20);padding-bottom:0;padding-left:var(--wp--preset--spacing--20)\">Anfrage senden<\/a><\/div>\n<\/div>\n<\/div>\n\n\n\n<div class=\"wp-block-column is-layout-flow wp-block-column-is-layout-flow\">\n<figure class=\"wp-block-image size-large\"><img loading=\"lazy\" decoding=\"async\" width=\"1645\" height=\"870\" src=\"https:\/\/geschenk-markt.ch\/wp-content\/uploads\/2026\/08\/Schneidebrett-mit-Griff-Eiche-geoelt-21-edited.png\" alt=\"Schneidebrett Gravur Firmenlogo\" class=\"wp-image-87\" srcset=\"https:\/\/geschenk-markt.ch\/wp-content\/uploads\/2026\/08\/Schneidebrett-mit-Griff-Eiche-geoelt-21-edited.png 1645w, https:\/\/geschenk-markt.ch\/wp-content\/uploads\/2026\/08\/Schneidebrett-mit-Griff-Eiche-geoelt-21-edited-300x159.png 300w, https:\/\/geschenk-markt.ch\/wp-content\/uploads\/2026\/08\/Schneidebrett-mit-Griff-Eiche-geoelt-21-edited-1024x542.png 1024w, https:\/\/geschenk-markt.ch\/wp-content\/uploads\/2026\/08\/Schneidebrett-mit-Griff-Eiche-geoelt-21-edited-768x406.png 768w, https:\/\/geschenk-markt.ch\/wp-content\/uploads\/2026\/08\/Schneidebrett-mit-Griff-Eiche-geoelt-21-edited-1536x812.png 1536w\" sizes=\"auto, (max-width: 1645px) 100vw, 1645px\" \/><\/figure>\n\n\n\n<h5 class=\"wp-block-heading is-style-text-annotation is-style-text-annotation--6\">Schneidebrett mit Griff Eiche ge\u00f6lt <br>40 x 20 x 2 cm<br>Firmenlogo<br><br><strong>CHF 36.&#8211; plus Porto<\/strong><\/h5>\n\n\n\n<div class=\"wp-block-buttons is-layout-flex wp-block-buttons-is-layout-flex\">\n<div class=\"wp-block-button\"><a class=\"wp-block-button__link wp-element-button\" href=\"mailto:erwin.braegger@gmail.com?subject=Anfrage%3A%20Schneidebrett%20mit%20Griff%20Eiche%20ge%C3%B6lt%2040%20x%2020%20x%202%20cm%20Firmenlogo\" style=\"padding-top:0;padding-right:var(--wp--preset--spacing--20);padding-bottom:0;padding-left:var(--wp--preset--spacing--20)\">Anfrage senden<\/a><\/div>\n<\/div>\n<\/div>\n<\/div>\n\n\n\n<div class=\"wp-block-columns is-layout-flex wp-container-core-columns-is-layout-794e3cfa wp-block-columns-is-layout-flex\">\n<div class=\"wp-block-column is-layout-flow wp-block-column-is-layout-flow\">\n<figure class=\"wp-block-image size-large\"><img loading=\"lazy\" decoding=\"async\" width=\"1733\" height=\"1374\" src=\"https:\/\/geschenk-markt.ch\/wp-content\/uploads\/2026\/08\/Schneidebrett-rund-Eiche-mit-Saftfrille-geoelt-20-edited.png\" alt=\"Servierbrett Gravur Firmenlogo\" class=\"wp-image-92\" srcset=\"https:\/\/geschenk-markt.ch\/wp-content\/uploads\/2026\/08\/Schneidebrett-rund-Eiche-mit-Saftfrille-geoelt-20-edited.png 1733w, https:\/\/geschenk-markt.ch\/wp-content\/uploads\/2026\/08\/Schneidebrett-rund-Eiche-mit-Saftfrille-geoelt-20-edited-300x238.png 300w, https:\/\/geschenk-markt.ch\/wp-content\/uploads\/2026\/08\/Schneidebrett-rund-Eiche-mit-Saftfrille-geoelt-20-edited-1024x812.png 1024w, https:\/\/geschenk-markt.ch\/wp-content\/uploads\/2026\/08\/Schneidebrett-rund-Eiche-mit-Saftfrille-geoelt-20-edited-768x609.png 768w, https:\/\/geschenk-markt.ch\/wp-content\/uploads\/2026\/08\/Schneidebrett-rund-Eiche-mit-Saftfrille-geoelt-20-edited-1536x1218.png 1536w\" sizes=\"auto, (max-width: 1733px) 100vw, 1733px\" \/><\/figure>\n\n\n\n<h5 class=\"wp-block-heading is-style-text-annotation is-style-text-annotation--7\">Servierbrett Eiche mit Griff ge\u00f6lt, rund <br>34 cm Durchmesser<br>Firmenlogo <br><br><strong>CHF 46.&#8211; plus Porto<\/strong><\/h5>\n\n\n\n<div class=\"wp-block-buttons is-layout-flex wp-block-buttons-is-layout-flex\">\n<div class=\"wp-block-button\"><a class=\"wp-block-button__link wp-element-button\" href=\"mailto:erwin.braegger@gmail.com?subject=Anfrage%3A%20Servierbrett%20Eiche%20mit%20Griff%20ge%C3%B6lt%20rund%2034%20cm%20Durchmesser%20Firmenlogo\" style=\"padding-top:0;padding-right:var(--wp--preset--spacing--20);padding-bottom:0;padding-left:var(--wp--preset--spacing--20)\">Anfrage senden<\/a><\/div>\n<\/div>\n<\/div>\n\n\n\n<div class=\"wp-block-column is-layout-flow wp-block-column-is-layout-flow\">\n<figure class=\"wp-block-image size-large\"><img loading=\"lazy\" decoding=\"async\" width=\"1781\" height=\"1391\" src=\"https:\/\/geschenk-markt.ch\/wp-content\/uploads\/2026\/08\/Schneidebrett-rund-Eiche-mit-Saftfrille-geoelt-16-edited.png\" alt=\"Servierbrett Gravur Pension\" class=\"wp-image-94\" srcset=\"https:\/\/geschenk-markt.ch\/wp-content\/uploads\/2026\/08\/Schneidebrett-rund-Eiche-mit-Saftfrille-geoelt-16-edited.png 1781w, https:\/\/geschenk-markt.ch\/wp-content\/uploads\/2026\/08\/Schneidebrett-rund-Eiche-mit-Saftfrille-geoelt-16-edited-300x234.png 300w, https:\/\/geschenk-markt.ch\/wp-content\/uploads\/2026\/08\/Schneidebrett-rund-Eiche-mit-Saftfrille-geoelt-16-edited-1024x800.png 1024w, https:\/\/geschenk-markt.ch\/wp-content\/uploads\/2026\/08\/Schneidebrett-rund-Eiche-mit-Saftfrille-geoelt-16-edited-768x600.png 768w, https:\/\/geschenk-markt.ch\/wp-content\/uploads\/2026\/08\/Schneidebrett-rund-Eiche-mit-Saftfrille-geoelt-16-edited-1536x1200.png 1536w\" sizes=\"auto, (max-width: 1781px) 100vw, 1781px\" \/><\/figure>\n\n\n\n<h5 class=\"wp-block-heading is-style-text-annotation is-style-text-annotation--8\">Servierbrett Eiche mit Griff ge\u00f6lt, rund <br>34 cm Durchmesser<br>Pension<br> <br><strong>CHF 46.&#8211; plus Porto<\/strong><\/h5>\n\n\n\n<div class=\"wp-block-buttons is-layout-flex wp-block-buttons-is-layout-flex\">\n<div class=\"wp-block-button\"><a class=\"wp-block-button__link wp-element-button\" href=\"mailto:erwin.braegger@gmail.com?subject=Anfrage%3A%20Servierbrett%20Eiche%20mit%20Griff%20ge%C3%B6lt%20rund%2034%20cm%20Durchmesser%20Firmenlogo\" style=\"padding-top:0;padding-right:var(--wp--preset--spacing--20);padding-bottom:0;padding-left:var(--wp--preset--spacing--20)\">Anfrage senden<\/a><\/div>\n<\/div>\n<\/div>\n\n\n\n<div class=\"wp-block-column is-layout-flow wp-block-column-is-layout-flow\">\n<figure class=\"wp-block-image size-large\"><img loading=\"lazy\" decoding=\"async\" width=\"1749\" height=\"1365\" src=\"https:\/\/geschenk-markt.ch\/wp-content\/uploads\/2026\/08\/Schneidebrett-rund-Eiche-mit-Saftfrille-geoelt-7-edited.png\" alt=\"Servierbrett Gravur Limited Edition\" class=\"wp-image-95\" srcset=\"https:\/\/geschenk-markt.ch\/wp-content\/uploads\/2026\/08\/Schneidebrett-rund-Eiche-mit-Saftfrille-geoelt-7-edited.png 1749w, https:\/\/geschenk-markt.ch\/wp-content\/uploads\/2026\/08\/Schneidebrett-rund-Eiche-mit-Saftfrille-geoelt-7-edited-300x234.png 300w, https:\/\/geschenk-markt.ch\/wp-content\/uploads\/2026\/08\/Schneidebrett-rund-Eiche-mit-Saftfrille-geoelt-7-edited-1024x799.png 1024w, https:\/\/geschenk-markt.ch\/wp-content\/uploads\/2026\/08\/Schneidebrett-rund-Eiche-mit-Saftfrille-geoelt-7-edited-768x599.png 768w, https:\/\/geschenk-markt.ch\/wp-content\/uploads\/2026\/08\/Schneidebrett-rund-Eiche-mit-Saftfrille-geoelt-7-edited-1536x1199.png 1536w\" sizes=\"auto, (max-width: 1749px) 100vw, 1749px\" \/><\/figure>\n\n\n\n<h5 class=\"wp-block-heading is-style-text-annotation is-style-text-annotation--9\">Servierbrett Eiche mit Griff ge\u00f6lt, rund <br>34 cm Durchmesser<br>Limited Edition<br> <br><strong>CHF 46.&#8211; plus Porto<\/strong><\/h5>\n\n\n\n<div class=\"wp-block-buttons is-layout-flex wp-block-buttons-is-layout-flex\">\n<div class=\"wp-block-button\"><a class=\"wp-block-button__link wp-element-button\" href=\"mailto:erwin.braegger@gmail.com?subject=Anfrage%3A%20Servierbrett%20Eiche%20mit%20Griff%20ge%C3%B6lt%20rund%2034%20cm%20Durchmesser%20Firmenlogo\" style=\"padding-top:0;padding-right:var(--wp--preset--spacing--20);padding-bottom:0;padding-left:var(--wp--preset--spacing--20)\">Anfrage senden<\/a><\/div>\n<\/div>\n<\/div>\n<\/div>\n\n\n\n<div class=\"wp-block-columns is-layout-flex wp-container-core-columns-is-layout-794e3cfa wp-block-columns-is-layout-flex\">\n<div class=\"wp-block-column is-layout-flow wp-block-column-is-layout-flow\">\n<figure class=\"wp-block-image size-large\"><img loading=\"lazy\" decoding=\"async\" width=\"1866\" height=\"931\" src=\"https:\/\/geschenk-markt.ch\/wp-content\/uploads\/2026\/08\/Schneidebrett-Esche-geoelt-mit-Baumkante-und-Ledergriff-11-edited.png\" alt=\"Schneidebrett Esche Danke\" class=\"wp-image-99\" srcset=\"https:\/\/geschenk-markt.ch\/wp-content\/uploads\/2026\/08\/Schneidebrett-Esche-geoelt-mit-Baumkante-und-Ledergriff-11-edited.png 1866w, https:\/\/geschenk-markt.ch\/wp-content\/uploads\/2026\/08\/Schneidebrett-Esche-geoelt-mit-Baumkante-und-Ledergriff-11-edited-300x150.png 300w, https:\/\/geschenk-markt.ch\/wp-content\/uploads\/2026\/08\/Schneidebrett-Esche-geoelt-mit-Baumkante-und-Ledergriff-11-edited-1024x511.png 1024w, https:\/\/geschenk-markt.ch\/wp-content\/uploads\/2026\/08\/Schneidebrett-Esche-geoelt-mit-Baumkante-und-Ledergriff-11-edited-768x383.png 768w, https:\/\/geschenk-markt.ch\/wp-content\/uploads\/2026\/08\/Schneidebrett-Esche-geoelt-mit-Baumkante-und-Ledergriff-11-edited-1536x766.png 1536w\" sizes=\"auto, (max-width: 1866px) 100vw, 1866px\" \/><\/figure>\n\n\n\n<h5 class=\"wp-block-heading is-style-text-annotation is-style-text-annotation--10\">Schneidebrett Esche mit Baumkante und Ledergriff 34 x 14 x 2 cm<br>Danke<br><br><strong>CHF 31.&#8211; plus Porto<\/strong><\/h5>\n\n\n\n<div class=\"wp-block-buttons is-layout-flex wp-block-buttons-is-layout-flex\">\n<div class=\"wp-block-button\"><a class=\"wp-block-button__link wp-element-button\" href=\"mailto:erwin.braegger@gmail.com?subject=Anfrage%3A%20Schneidebrett%20Esche%20mit%20Baumkante%20und%20Ledergriff%2034%20x%2014%20x%202%20cm%20Danke\" style=\"padding-top:0;padding-right:var(--wp--preset--spacing--20);padding-bottom:0;padding-left:var(--wp--preset--spacing--20)\">Anfrage senden<\/a><\/div>\n<\/div>\n<\/div>\n\n\n\n<div class=\"wp-block-column is-layout-flow wp-block-column-is-layout-flow\">\n<figure class=\"wp-block-image size-large\"><img loading=\"lazy\" decoding=\"async\" width=\"1821\" height=\"854\" src=\"https:\/\/geschenk-markt.ch\/wp-content\/uploads\/2026\/08\/Schneidebrett-Esche-geoelt-mit-Baumkante-und-Ledergriff-16-edited.png\" alt=\"Schneidebrett Esche Pension\" class=\"wp-image-100\" srcset=\"https:\/\/geschenk-markt.ch\/wp-content\/uploads\/2026\/08\/Schneidebrett-Esche-geoelt-mit-Baumkante-und-Ledergriff-16-edited.png 1821w, https:\/\/geschenk-markt.ch\/wp-content\/uploads\/2026\/08\/Schneidebrett-Esche-geoelt-mit-Baumkante-und-Ledergriff-16-edited-300x141.png 300w, https:\/\/geschenk-markt.ch\/wp-content\/uploads\/2026\/08\/Schneidebrett-Esche-geoelt-mit-Baumkante-und-Ledergriff-16-edited-1024x480.png 1024w, https:\/\/geschenk-markt.ch\/wp-content\/uploads\/2026\/08\/Schneidebrett-Esche-geoelt-mit-Baumkante-und-Ledergriff-16-edited-768x360.png 768w, https:\/\/geschenk-markt.ch\/wp-content\/uploads\/2026\/08\/Schneidebrett-Esche-geoelt-mit-Baumkante-und-Ledergriff-16-edited-1536x720.png 1536w\" sizes=\"auto, (max-width: 1821px) 100vw, 1821px\" \/><\/figure>\n\n\n\n<h5 class=\"wp-block-heading is-style-text-annotation is-style-text-annotation--11\">Schneidebrett Esche mit Baumkante und Ledergriff 34 x 14 x 2 cm<br>Pension<br><br><strong>CHF 31.&#8211; plus Porto<\/strong><\/h5>\n\n\n\n<div class=\"wp-block-buttons is-layout-flex wp-block-buttons-is-layout-flex\">\n<div class=\"wp-block-button\"><a class=\"wp-block-button__link wp-element-button\" href=\"mailto:erwin.braegger@gmail.com?subject=Anfrage%3A%20Schneidebrett%20Esche%20mit%20Baumkante%20und%20Ledergriff%2034%20x%2014%20x%202%20cm%20Danke\" style=\"padding-top:0;padding-right:var(--wp--preset--spacing--20);padding-bottom:0;padding-left:var(--wp--preset--spacing--20)\">Anfrage senden<\/a><\/div>\n<\/div>\n<\/div>\n\n\n\n<div class=\"wp-block-column is-layout-flow wp-block-column-is-layout-flow\">\n<figure class=\"wp-block-image size-large\"><img loading=\"lazy\" decoding=\"async\" width=\"1788\" height=\"879\" src=\"https:\/\/geschenk-markt.ch\/wp-content\/uploads\/2026\/08\/Schneidebrett-Esche-geoelt-mit-Baumkante-und-Ledergriff-3-edited.png\" alt=\"Schneidebette Esche Hochzeit\" class=\"wp-image-101\" srcset=\"https:\/\/geschenk-markt.ch\/wp-content\/uploads\/2026\/08\/Schneidebrett-Esche-geoelt-mit-Baumkante-und-Ledergriff-3-edited.png 1788w, https:\/\/geschenk-markt.ch\/wp-content\/uploads\/2026\/08\/Schneidebrett-Esche-geoelt-mit-Baumkante-und-Ledergriff-3-edited-300x147.png 300w, https:\/\/geschenk-markt.ch\/wp-content\/uploads\/2026\/08\/Schneidebrett-Esche-geoelt-mit-Baumkante-und-Ledergriff-3-edited-1024x503.png 1024w, https:\/\/geschenk-markt.ch\/wp-content\/uploads\/2026\/08\/Schneidebrett-Esche-geoelt-mit-Baumkante-und-Ledergriff-3-edited-768x378.png 768w, https:\/\/geschenk-markt.ch\/wp-content\/uploads\/2026\/08\/Schneidebrett-Esche-geoelt-mit-Baumkante-und-Ledergriff-3-edited-1536x755.png 1536w\" sizes=\"auto, (max-width: 1788px) 100vw, 1788px\" \/><\/figure>\n\n\n\n<h5 class=\"wp-block-heading is-style-text-annotation is-style-text-annotation--12\">Schneidebrett Esche mit Baumkante und Ledergriff 34 x 14 x 2 cm<br>Hochzeit<br><br><strong>CHF 31.&#8211; plus Porto<\/strong><\/h5>\n\n\n\n<div class=\"wp-block-buttons is-layout-flex wp-block-buttons-is-layout-flex\">\n<div class=\"wp-block-button\"><a class=\"wp-block-button__link wp-element-button\" href=\"mailto:erwin.braegger@gmail.com?subject=Anfrage%3A%20Schneidebrett%20Esche%20mit%20Baumkante%20und%20Ledergriff%2034%20x%2014%20x%202%20cm%20Hochzeit\" style=\"padding-top:0;padding-right:var(--wp--preset--spacing--20);padding-bottom:0;padding-left:var(--wp--preset--spacing--20)\">Anfrage senden<\/a><\/div>\n<\/div>\n<\/div>\n<\/div>\n\n\n\n<div class=\"wp-block-columns is-layout-flex wp-container-core-columns-is-layout-794e3cfa wp-block-columns-is-layout-flex\">\n<div class=\"wp-block-column is-layout-flow wp-block-column-is-layout-flow\">\n<figure class=\"wp-block-image size-large\"><img loading=\"lazy\" decoding=\"async\" width=\"1752\" height=\"891\" src=\"https:\/\/geschenk-markt.ch\/wp-content\/uploads\/2026\/08\/Schneidebrett-Esche-geoelt-mit-Baumkante-und-Ledergriff-6-edited.png\" alt=\"Schneidebrett Esche Happy Birthday\" class=\"wp-image-141\" srcset=\"https:\/\/geschenk-markt.ch\/wp-content\/uploads\/2026\/08\/Schneidebrett-Esche-geoelt-mit-Baumkante-und-Ledergriff-6-edited.png 1752w, https:\/\/geschenk-markt.ch\/wp-content\/uploads\/2026\/08\/Schneidebrett-Esche-geoelt-mit-Baumkante-und-Ledergriff-6-edited-300x153.png 300w, https:\/\/geschenk-markt.ch\/wp-content\/uploads\/2026\/08\/Schneidebrett-Esche-geoelt-mit-Baumkante-und-Ledergriff-6-edited-1024x521.png 1024w, https:\/\/geschenk-markt.ch\/wp-content\/uploads\/2026\/08\/Schneidebrett-Esche-geoelt-mit-Baumkante-und-Ledergriff-6-edited-768x391.png 768w, https:\/\/geschenk-markt.ch\/wp-content\/uploads\/2026\/08\/Schneidebrett-Esche-geoelt-mit-Baumkante-und-Ledergriff-6-edited-1536x781.png 1536w\" sizes=\"auto, (max-width: 1752px) 100vw, 1752px\" \/><\/figure>\n\n\n\n<h5 class=\"wp-block-heading is-style-text-annotation is-style-text-annotation--13\">Schneidebrett Esche mit Baumkante und Ledergriff 34 x 14 x 2 cm<br>Happy Birthday<br><br><strong>CHF 31.&#8211; plus Porto<\/strong><\/h5>\n\n\n\n<div class=\"wp-block-buttons is-layout-flex wp-block-buttons-is-layout-flex\">\n<div class=\"wp-block-button\"><a class=\"wp-block-button__link wp-element-button\" href=\"mailto:erwin.braegger@gmail.com?subject=Anfrage%3A%20Schneidebrett%20Esche%20mit%20Baumkante%20und%20Ledergriff%2034%20x%2014%20x%202%20cm%20Happy%20Birthday\" style=\"padding-top:0;padding-right:var(--wp--preset--spacing--20);padding-bottom:0;padding-left:var(--wp--preset--spacing--20)\">Anfrage senden<\/a><\/div>\n<\/div>\n<\/div>\n\n\n\n<div class=\"wp-block-column is-layout-flow wp-block-column-is-layout-flow\">\n<figure class=\"wp-block-image size-large\"><img loading=\"lazy\" decoding=\"async\" width=\"1773\" height=\"897\" src=\"https:\/\/geschenk-markt.ch\/wp-content\/uploads\/2026\/08\/Schneidebrett-Esche-geoelt-mit-Baumkante-und-Ledergriff-19-edited.png\" alt=\"Schneidebrett Esche Wir sagen Danke\" class=\"wp-image-142\" srcset=\"https:\/\/geschenk-markt.ch\/wp-content\/uploads\/2026\/08\/Schneidebrett-Esche-geoelt-mit-Baumkante-und-Ledergriff-19-edited.png 1773w, https:\/\/geschenk-markt.ch\/wp-content\/uploads\/2026\/08\/Schneidebrett-Esche-geoelt-mit-Baumkante-und-Ledergriff-19-edited-300x152.png 300w, https:\/\/geschenk-markt.ch\/wp-content\/uploads\/2026\/08\/Schneidebrett-Esche-geoelt-mit-Baumkante-und-Ledergriff-19-edited-1024x518.png 1024w, https:\/\/geschenk-markt.ch\/wp-content\/uploads\/2026\/08\/Schneidebrett-Esche-geoelt-mit-Baumkante-und-Ledergriff-19-edited-768x389.png 768w, https:\/\/geschenk-markt.ch\/wp-content\/uploads\/2026\/08\/Schneidebrett-Esche-geoelt-mit-Baumkante-und-Ledergriff-19-edited-1536x777.png 1536w\" sizes=\"auto, (max-width: 1773px) 100vw, 1773px\" \/><\/figure>\n\n\n\n<h5 class=\"wp-block-heading is-style-text-annotation is-style-text-annotation--14\">Schneidebrett Esche mit Baumkante und Ledergriff 34 x 14 x 2 cm<br>Wir sagen Danke <br><br><strong>CHF 31.&#8211; plus Porto<\/strong><\/h5>\n\n\n\n<div class=\"wp-block-buttons is-layout-flex wp-block-buttons-is-layout-flex\">\n<div class=\"wp-block-button\"><a class=\"wp-block-button__link wp-element-button\" href=\"mailto:erwin.braegger@gmail.com?subject=Anfrage%3A%20Schneidebrett%20Esche%20mit%20Baumkante%20und%20Ledergriff%2034%20x%2014%20x%202%20cm%20Wir%20sagen%20Danke\" style=\"padding-top:0;padding-right:var(--wp--preset--spacing--20);padding-bottom:0;padding-left:var(--wp--preset--spacing--20)\">Anfrage senden<\/a><\/div>\n<\/div>\n<\/div>\n\n\n\n<div class=\"wp-block-column is-layout-flow wp-block-column-is-layout-flow\">\n<figure class=\"wp-block-image size-large\"><img loading=\"lazy\" decoding=\"async\" width=\"1778\" height=\"908\" src=\"https:\/\/geschenk-markt.ch\/wp-content\/uploads\/2026\/08\/Schneidebrett-Esche-geoelt-mit-Baumkante-und-Ledergriff-3-1-edited.png\" alt=\"Schneidebrett Esche Lebensbaum mit Initialen\" class=\"wp-image-143\" srcset=\"https:\/\/geschenk-markt.ch\/wp-content\/uploads\/2026\/08\/Schneidebrett-Esche-geoelt-mit-Baumkante-und-Ledergriff-3-1-edited.png 1778w, https:\/\/geschenk-markt.ch\/wp-content\/uploads\/2026\/08\/Schneidebrett-Esche-geoelt-mit-Baumkante-und-Ledergriff-3-1-edited-300x153.png 300w, https:\/\/geschenk-markt.ch\/wp-content\/uploads\/2026\/08\/Schneidebrett-Esche-geoelt-mit-Baumkante-und-Ledergriff-3-1-edited-1024x523.png 1024w, https:\/\/geschenk-markt.ch\/wp-content\/uploads\/2026\/08\/Schneidebrett-Esche-geoelt-mit-Baumkante-und-Ledergriff-3-1-edited-768x392.png 768w, https:\/\/geschenk-markt.ch\/wp-content\/uploads\/2026\/08\/Schneidebrett-Esche-geoelt-mit-Baumkante-und-Ledergriff-3-1-edited-1536x784.png 1536w\" sizes=\"auto, (max-width: 1778px) 100vw, 1778px\" \/><\/figure>\n\n\n\n<h5 class=\"wp-block-heading is-style-text-annotation is-style-text-annotation--15\">Schneidebrett Esche mit Baumkante und Ledergriff 34 x 14 x 2 cm<br>Lebensbaum<br><br><strong>CHF 31.&#8211; plus Porto<\/strong><\/h5>\n\n\n\n<div class=\"wp-block-buttons is-layout-flex wp-block-buttons-is-layout-flex\">\n<div class=\"wp-block-button\"><a class=\"wp-block-button__link wp-element-button\" href=\"mailto:erwin.braegger@gmail.com?subject=Anfrage%3A%20Schneidebrett%20Esche%20mit%20Baumkante%20und%20Ledergriff%2034%20x%2014%20x%202%20cm%20Lebensbaum\" style=\"padding-top:0;padding-right:var(--wp--preset--spacing--20);padding-bottom:0;padding-left:var(--wp--preset--spacing--20)\">Anfrage senden<\/a><\/div>\n<\/div>\n<\/div>\n<\/div>\n\n\n\n<div class=\"wp-block-columns is-layout-flex wp-container-core-columns-is-layout-794e3cfa wp-block-columns-is-layout-flex\">\n<div class=\"wp-block-column is-layout-flow wp-block-column-is-layout-flow\">\n<figure class=\"wp-block-image size-large\"><img loading=\"lazy\" decoding=\"async\" width=\"1961\" height=\"1071\" src=\"https:\/\/geschenk-markt.ch\/wp-content\/uploads\/2026\/08\/Schneidebrett-mit-Gruff-Nussbaum-geoelt-18-edited.png\" alt=\"Schneidebrett Nussbaum Gravur Grill\" class=\"wp-image-105\" srcset=\"https:\/\/geschenk-markt.ch\/wp-content\/uploads\/2026\/08\/Schneidebrett-mit-Gruff-Nussbaum-geoelt-18-edited.png 1961w, https:\/\/geschenk-markt.ch\/wp-content\/uploads\/2026\/08\/Schneidebrett-mit-Gruff-Nussbaum-geoelt-18-edited-300x164.png 300w, https:\/\/geschenk-markt.ch\/wp-content\/uploads\/2026\/08\/Schneidebrett-mit-Gruff-Nussbaum-geoelt-18-edited-1024x559.png 1024w, https:\/\/geschenk-markt.ch\/wp-content\/uploads\/2026\/08\/Schneidebrett-mit-Gruff-Nussbaum-geoelt-18-edited-768x419.png 768w, https:\/\/geschenk-markt.ch\/wp-content\/uploads\/2026\/08\/Schneidebrett-mit-Gruff-Nussbaum-geoelt-18-edited-1536x839.png 1536w\" sizes=\"auto, (max-width: 1961px) 100vw, 1961px\" \/><\/figure>\n\n\n\n<h5 class=\"wp-block-heading is-style-text-annotation is-style-text-annotation--16\">Schneidebrett Nussbaum mit Griff ge\u00f6lt<br>40 x 20 x 2 cm<br>Grillmaster<br><br><strong>CHF 46.&#8211; plus Porto<\/strong><\/h5>\n\n\n\n<div class=\"wp-block-buttons is-layout-flex wp-block-buttons-is-layout-flex\">\n<div class=\"wp-block-button\"><a class=\"wp-block-button__link wp-element-button\" style=\"padding-top:0;padding-right:var(--wp--preset--spacing--20);padding-bottom:0;padding-left:var(--wp--preset--spacing--20)\">Anfrage senden<\/a><\/div>\n<\/div>\n<\/div>\n\n\n\n<div class=\"wp-block-column is-layout-flow wp-block-column-is-layout-flow\">\n<figure class=\"wp-block-image size-large\"><img loading=\"lazy\" decoding=\"async\" width=\"1946\" height=\"1099\" src=\"https:\/\/geschenk-markt.ch\/wp-content\/uploads\/2026\/08\/Schneidebrett-mit-Gruff-Nussbaum-geoelt-20-edited.png\" alt=\"Schneidebrett Nussbaum Gravur &quot;Wir sagen Danke&quot;\" class=\"wp-image-106\" srcset=\"https:\/\/geschenk-markt.ch\/wp-content\/uploads\/2026\/08\/Schneidebrett-mit-Gruff-Nussbaum-geoelt-20-edited.png 1946w, https:\/\/geschenk-markt.ch\/wp-content\/uploads\/2026\/08\/Schneidebrett-mit-Gruff-Nussbaum-geoelt-20-edited-300x169.png 300w, https:\/\/geschenk-markt.ch\/wp-content\/uploads\/2026\/08\/Schneidebrett-mit-Gruff-Nussbaum-geoelt-20-edited-1024x578.png 1024w, https:\/\/geschenk-markt.ch\/wp-content\/uploads\/2026\/08\/Schneidebrett-mit-Gruff-Nussbaum-geoelt-20-edited-768x434.png 768w, https:\/\/geschenk-markt.ch\/wp-content\/uploads\/2026\/08\/Schneidebrett-mit-Gruff-Nussbaum-geoelt-20-edited-1536x867.png 1536w\" sizes=\"auto, (max-width: 1946px) 100vw, 1946px\" \/><\/figure>\n\n\n\n<h5 class=\"wp-block-heading is-style-text-annotation is-style-text-annotation--17\">Schneidebrett Nussbaum mit Griff ge\u00f6lt<br>40 x 20 x 2 cm<br>Wir sagen Danke <br><br><strong>CHF 46.&#8211; plus Porto<\/strong><\/h5>\n\n\n\n<div class=\"wp-block-buttons is-layout-flex wp-block-buttons-is-layout-flex\">\n<div class=\"wp-block-button\"><a class=\"wp-block-button__link wp-element-button\" style=\"padding-top:0;padding-right:var(--wp--preset--spacing--20);padding-bottom:0;padding-left:var(--wp--preset--spacing--20)\">Anfrage senden<\/a><\/div>\n<\/div>\n<\/div>\n\n\n\n<div class=\"wp-block-column is-layout-flow wp-block-column-is-layout-flow\">\n<figure class=\"wp-block-image size-large\"><img loading=\"lazy\" decoding=\"async\" width=\"1974\" height=\"1061\" src=\"https:\/\/geschenk-markt.ch\/wp-content\/uploads\/2026\/08\/Schneidebrett-mit-Gruff-Nussbaum-geoelt-5-edited.png\" alt=\"Schneidebrett Nussbaum Gravur Herz\" class=\"wp-image-107\" srcset=\"https:\/\/geschenk-markt.ch\/wp-content\/uploads\/2026\/08\/Schneidebrett-mit-Gruff-Nussbaum-geoelt-5-edited.png 1974w, https:\/\/geschenk-markt.ch\/wp-content\/uploads\/2026\/08\/Schneidebrett-mit-Gruff-Nussbaum-geoelt-5-edited-300x161.png 300w, https:\/\/geschenk-markt.ch\/wp-content\/uploads\/2026\/08\/Schneidebrett-mit-Gruff-Nussbaum-geoelt-5-edited-1024x550.png 1024w, https:\/\/geschenk-markt.ch\/wp-content\/uploads\/2026\/08\/Schneidebrett-mit-Gruff-Nussbaum-geoelt-5-edited-768x413.png 768w, https:\/\/geschenk-markt.ch\/wp-content\/uploads\/2026\/08\/Schneidebrett-mit-Gruff-Nussbaum-geoelt-5-edited-1536x826.png 1536w\" sizes=\"auto, (max-width: 1974px) 100vw, 1974px\" \/><\/figure>\n\n\n\n<h5 class=\"wp-block-heading is-style-text-annotation is-style-text-annotation--18\">Schneidebrett Nussbaum mit Griff ge\u00f6lt<br>40 x 20 x 2 cm<br>Herz mit Initialen<br><br><strong>CHF 46.&#8211; plus Porto<\/strong><\/h5>\n\n\n\n<div class=\"wp-block-buttons is-layout-flex wp-block-buttons-is-layout-flex\">\n<div class=\"wp-block-button\"><a class=\"wp-block-button__link wp-element-button\" style=\"padding-top:0;padding-right:var(--wp--preset--spacing--20);padding-bottom:0;padding-left:var(--wp--preset--spacing--20)\">Anfrage senden<\/a><\/div>\n<\/div>\n<\/div>\n<\/div>\n\n\n\n<div class=\"wp-block-columns is-layout-flex wp-container-core-columns-is-layout-794e3cfa wp-block-columns-is-layout-flex\">\n<div class=\"wp-block-column is-layout-flow wp-block-column-is-layout-flow\">\n<figure class=\"wp-block-image size-large\"><img loading=\"lazy\" decoding=\"async\" width=\"1477\" height=\"1047\" src=\"https:\/\/geschenk-markt.ch\/wp-content\/uploads\/2026\/08\/Schneidebrett-mit-Saftrille-aus-Buche-nature-FSC-20-edited.png\" alt=\"Schneidebrett Buche Gravur &quot;Wir sagen Danke&quot;\" class=\"wp-image-111\" srcset=\"https:\/\/geschenk-markt.ch\/wp-content\/uploads\/2026\/08\/Schneidebrett-mit-Saftrille-aus-Buche-nature-FSC-20-edited.png 1477w, https:\/\/geschenk-markt.ch\/wp-content\/uploads\/2026\/08\/Schneidebrett-mit-Saftrille-aus-Buche-nature-FSC-20-edited-300x213.png 300w, https:\/\/geschenk-markt.ch\/wp-content\/uploads\/2026\/08\/Schneidebrett-mit-Saftrille-aus-Buche-nature-FSC-20-edited-1024x726.png 1024w, https:\/\/geschenk-markt.ch\/wp-content\/uploads\/2026\/08\/Schneidebrett-mit-Saftrille-aus-Buche-nature-FSC-20-edited-768x544.png 768w\" sizes=\"auto, (max-width: 1477px) 100vw, 1477px\" \/><\/figure>\n\n\n\n<h5 class=\"wp-block-heading is-style-text-annotation is-style-text-annotation--19\">Schneidebrett mit Saftrille Buche nature<br>35 x 25 x 2cm<br>Wir sagen Danke<br><br><strong>CHF 31.&#8211; plus Porto<\/strong><\/h5>\n\n\n\n<div class=\"wp-block-buttons is-layout-flex wp-block-buttons-is-layout-flex\">\n<div class=\"wp-block-button\"><a class=\"wp-block-button__link wp-element-button\" href=\"mailto:erwin.braegger@gmail.com?subject=Anfrage%3A%20Schneidebrett%20mit%20Saftrille%20Buche%20nature%2035%20x%2025%20x%202%20cm%20Wir%20sagen%20Danke\" style=\"padding-top:0;padding-right:var(--wp--preset--spacing--20);padding-bottom:0;padding-left:var(--wp--preset--spacing--20)\">Anfrage senden<\/a><\/div>\n<\/div>\n<\/div>\n\n\n\n<div class=\"wp-block-column is-layout-flow wp-block-column-is-layout-flow\">\n<figure class=\"wp-block-image size-large\"><img loading=\"lazy\" decoding=\"async\" width=\"1503\" height=\"1072\" src=\"https:\/\/geschenk-markt.ch\/wp-content\/uploads\/2026\/08\/Schneidebrett-mit-Saftrille-aus-Buche-nature-FSC-16-edited.png\" alt=\"Schneidebrett Buche Gravur &quot;Pension&quot;\" class=\"wp-image-116\" srcset=\"https:\/\/geschenk-markt.ch\/wp-content\/uploads\/2026\/08\/Schneidebrett-mit-Saftrille-aus-Buche-nature-FSC-16-edited.png 1503w, https:\/\/geschenk-markt.ch\/wp-content\/uploads\/2026\/08\/Schneidebrett-mit-Saftrille-aus-Buche-nature-FSC-16-edited-300x214.png 300w, https:\/\/geschenk-markt.ch\/wp-content\/uploads\/2026\/08\/Schneidebrett-mit-Saftrille-aus-Buche-nature-FSC-16-edited-1024x730.png 1024w, https:\/\/geschenk-markt.ch\/wp-content\/uploads\/2026\/08\/Schneidebrett-mit-Saftrille-aus-Buche-nature-FSC-16-edited-768x548.png 768w\" sizes=\"auto, (max-width: 1503px) 100vw, 1503px\" \/><\/figure>\n\n\n\n<h5 class=\"wp-block-heading is-style-text-annotation is-style-text-annotation--20\">Schneidebrett mit Saftrille Buche nature<br>35 x 25 x 2cm<br>Pension<br><br><strong>CHF 31.&#8211; plus Porto<\/strong><\/h5>\n\n\n\n<div class=\"wp-block-buttons is-layout-flex wp-block-buttons-is-layout-flex\">\n<div class=\"wp-block-button\"><a class=\"wp-block-button__link wp-element-button\" href=\"mailto:erwin.braegger@gmail.com?subject=Anfrage%3A%20Schneidebrett%20mit%20Saftrille%20Buche%20nature%2035%20x%2025%20x%202%20cm%20Pension\" style=\"padding-top:0;padding-right:var(--wp--preset--spacing--20);padding-bottom:0;padding-left:var(--wp--preset--spacing--20)\">Anfrage senden<\/a><\/div>\n<\/div>\n<\/div>\n\n\n\n<div class=\"wp-block-column is-layout-flow wp-block-column-is-layout-flow\">\n<figure class=\"wp-block-image size-large\"><img loading=\"lazy\" decoding=\"async\" width=\"1473\" height=\"1056\" src=\"https:\/\/geschenk-markt.ch\/wp-content\/uploads\/2026\/08\/Schneidebrett-mit-Saftrille-aus-Buche-nature-FSC-21-edited.png\" alt=\"Schneidebrett Buche Gravur Firmenlog\" class=\"wp-image-113\" srcset=\"https:\/\/geschenk-markt.ch\/wp-content\/uploads\/2026\/08\/Schneidebrett-mit-Saftrille-aus-Buche-nature-FSC-21-edited.png 1473w, https:\/\/geschenk-markt.ch\/wp-content\/uploads\/2026\/08\/Schneidebrett-mit-Saftrille-aus-Buche-nature-FSC-21-edited-300x215.png 300w, https:\/\/geschenk-markt.ch\/wp-content\/uploads\/2026\/08\/Schneidebrett-mit-Saftrille-aus-Buche-nature-FSC-21-edited-1024x734.png 1024w, https:\/\/geschenk-markt.ch\/wp-content\/uploads\/2026\/08\/Schneidebrett-mit-Saftrille-aus-Buche-nature-FSC-21-edited-768x551.png 768w\" sizes=\"auto, (max-width: 1473px) 100vw, 1473px\" \/><\/figure>\n\n\n\n<h5 class=\"wp-block-heading is-style-text-annotation is-style-text-annotation--21\">Schneidebrett mit Saftrille Buche nature<br>35 x 25 x 2cm<br>Dein Firmenlogo<br><br><strong>CHF 31.&#8211; plus Porto<\/strong><\/h5>\n\n\n\n<div class=\"wp-block-buttons is-layout-flex wp-block-buttons-is-layout-flex\">\n<div class=\"wp-block-button\"><a class=\"wp-block-button__link wp-element-button\" href=\"mailto:erwin.braegger@gmail.com?subject=Anfrage%3A%20Schneidebrett%20mit%20Saftrille%20Buche%20nature%2035%20x%2025%20x%202%20cm%20Dein%20Firmenlogo\" style=\"padding-top:0;padding-right:var(--wp--preset--spacing--20);padding-bottom:0;padding-left:var(--wp--preset--spacing--20)\">Anfrage senden<\/a><\/div>\n<\/div>\n<\/div>\n<\/div>\n\n\n\n<div class=\"wp-block-columns is-layout-flex wp-container-core-columns-is-layout-794e3cfa wp-block-columns-is-layout-flex\">\n<div class=\"wp-block-column is-layout-flow wp-block-column-is-layout-flow\">\n<figure class=\"wp-block-image size-large\"><img loading=\"lazy\" decoding=\"async\" width=\"1527\" height=\"1355\" src=\"https:\/\/geschenk-markt.ch\/wp-content\/uploads\/2026\/08\/Rundes-Schneidebrett-Eiche-mit-Lederband-geoelt-20-edited.png\" alt=\"Schneidebrett rund Eiche &quot;Firmenlogo&quot;\" class=\"wp-image-120\" srcset=\"https:\/\/geschenk-markt.ch\/wp-content\/uploads\/2026\/08\/Rundes-Schneidebrett-Eiche-mit-Lederband-geoelt-20-edited.png 1527w, https:\/\/geschenk-markt.ch\/wp-content\/uploads\/2026\/08\/Rundes-Schneidebrett-Eiche-mit-Lederband-geoelt-20-edited-300x266.png 300w, https:\/\/geschenk-markt.ch\/wp-content\/uploads\/2026\/08\/Rundes-Schneidebrett-Eiche-mit-Lederband-geoelt-20-edited-1024x909.png 1024w, https:\/\/geschenk-markt.ch\/wp-content\/uploads\/2026\/08\/Rundes-Schneidebrett-Eiche-mit-Lederband-geoelt-20-edited-768x681.png 768w\" sizes=\"auto, (max-width: 1527px) 100vw, 1527px\" \/><\/figure>\n\n\n\n<h5 class=\"wp-block-heading is-style-text-annotation is-style-text-annotation--22\">Schneidebrett rund aus Eichenholz mit Ledergriff <br>30 cm Durchmesser<br>Dein Firmenlogo<br><br><strong>CHF 41.&#8211; plus Porto<\/strong><\/h5>\n\n\n\n<div class=\"wp-block-buttons is-layout-flex wp-block-buttons-is-layout-flex\">\n<div class=\"wp-block-button\"><a class=\"wp-block-button__link wp-element-button\" href=\"mailto:erwin.braegger@gmail.com?subject=Anfrage%3A%20Schneidebrett%20rund%20aus%20Eichenholz%20mit%20Ledergriff%2030%20cm%20Durchmesser%20Dein%20Firmenlogo\" style=\"padding-top:0;padding-right:var(--wp--preset--spacing--20);padding-bottom:0;padding-left:var(--wp--preset--spacing--20)\">Anfrage senden<\/a><\/div>\n<\/div>\n<\/div>\n\n\n\n<div class=\"wp-block-column is-layout-flow wp-block-column-is-layout-flow\">\n<figure class=\"wp-block-image size-large\"><img loading=\"lazy\" decoding=\"async\" width=\"1536\" height=\"1349\" src=\"https:\/\/geschenk-markt.ch\/wp-content\/uploads\/2026\/08\/Rundes-Schneidebrett-Eiche-mit-Lederband-geoelt-6-edited.png\" alt=\"Schneidebrett rund Eiche &quot;Happy Birthday&quot;\" class=\"wp-image-121\" srcset=\"https:\/\/geschenk-markt.ch\/wp-content\/uploads\/2026\/08\/Rundes-Schneidebrett-Eiche-mit-Lederband-geoelt-6-edited.png 1536w, https:\/\/geschenk-markt.ch\/wp-content\/uploads\/2026\/08\/Rundes-Schneidebrett-Eiche-mit-Lederband-geoelt-6-edited-300x263.png 300w, https:\/\/geschenk-markt.ch\/wp-content\/uploads\/2026\/08\/Rundes-Schneidebrett-Eiche-mit-Lederband-geoelt-6-edited-1024x899.png 1024w, https:\/\/geschenk-markt.ch\/wp-content\/uploads\/2026\/08\/Rundes-Schneidebrett-Eiche-mit-Lederband-geoelt-6-edited-768x675.png 768w\" sizes=\"auto, (max-width: 1536px) 100vw, 1536px\" \/><\/figure>\n\n\n\n<h5 class=\"wp-block-heading is-style-text-annotation is-style-text-annotation--23\">Schneidebrett rund aus Eichenholz mit Ledergriff <br>30 cm Durchmesser<br>Happy Birthday<br><br><strong>CHF 41.&#8211; plus Porto<\/strong><\/h5>\n\n\n\n<div class=\"wp-block-buttons is-layout-flex wp-block-buttons-is-layout-flex\">\n<div class=\"wp-block-button\"><a class=\"wp-block-button__link wp-element-button\" href=\"mailto:erwin.braegger@gmail.com?subject=Anfrage%3A%20Schneidebrett%20rund%20aus%20Eichenholz%20mit%20Ledergriff%2030%20cm%20Durchmesser%20Happy%20Birthday\" style=\"padding-top:0;padding-right:var(--wp--preset--spacing--20);padding-bottom:0;padding-left:var(--wp--preset--spacing--20)\">Anfrage senden<\/a><\/div>\n<\/div>\n<\/div>\n\n\n\n<div class=\"wp-block-column is-layout-flow wp-block-column-is-layout-flow\">\n<figure class=\"wp-block-image size-large\"><img loading=\"lazy\" decoding=\"async\" width=\"1546\" height=\"1364\" src=\"https:\/\/geschenk-markt.ch\/wp-content\/uploads\/2026\/08\/Rundes-Schneidebrett-Eiche-mit-Lederband-geoelt-17-edited.png\" alt=\"\" class=\"wp-image-123\" srcset=\"https:\/\/geschenk-markt.ch\/wp-content\/uploads\/2026\/08\/Rundes-Schneidebrett-Eiche-mit-Lederband-geoelt-17-edited.png 1546w, https:\/\/geschenk-markt.ch\/wp-content\/uploads\/2026\/08\/Rundes-Schneidebrett-Eiche-mit-Lederband-geoelt-17-edited-300x265.png 300w, https:\/\/geschenk-markt.ch\/wp-content\/uploads\/2026\/08\/Rundes-Schneidebrett-Eiche-mit-Lederband-geoelt-17-edited-1024x903.png 1024w, https:\/\/geschenk-markt.ch\/wp-content\/uploads\/2026\/08\/Rundes-Schneidebrett-Eiche-mit-Lederband-geoelt-17-edited-768x678.png 768w, https:\/\/geschenk-markt.ch\/wp-content\/uploads\/2026\/08\/Rundes-Schneidebrett-Eiche-mit-Lederband-geoelt-17-edited-1536x1355.png 1536w\" sizes=\"auto, (max-width: 1546px) 100vw, 1546px\" \/><\/figure>\n\n\n\n<h5 class=\"wp-block-heading is-style-text-annotation is-style-text-annotation--24\">Schneidebrett rund aus Eichenholz mit Ledergriff <br>30 cm Durchmesser<br>Grillmaster<br><br><strong>CHF 41.&#8211; plus Porto<\/strong><\/h5>\n\n\n\n<div class=\"wp-block-buttons is-layout-flex wp-block-buttons-is-layout-flex\">\n<div class=\"wp-block-button\"><a class=\"wp-block-button__link wp-element-button\" href=\"mailto:erwin.braegger@gmail.com?subject=Anfrage%3A%20Schneidebrett%20rund%20aus%20Eichenholz%20mit%20Ledergriff%2030%20cm%20Durchmesser%20Grillmaster\" style=\"padding-top:0;padding-right:var(--wp--preset--spacing--20);padding-bottom:0;padding-left:var(--wp--preset--spacing--20)\">Anfrage senden<\/a><\/div>\n<\/div>\n<\/div>\n<\/div>\n\n\n\n<div class=\"wp-block-columns is-layout-flex wp-container-core-columns-is-layout-794e3cfa wp-block-columns-is-layout-flex\">\n<div class=\"wp-block-column is-layout-flow wp-block-column-is-layout-flow\">\n<figure class=\"wp-block-image size-large\"><img loading=\"lazy\" decoding=\"async\" width=\"1733\" height=\"1536\" src=\"https:\/\/geschenk-markt.ch\/wp-content\/uploads\/2026\/08\/Rinde-Rindenscheibe-FSC-geoelt-16-2-edited.png\" alt=\"\" class=\"wp-image-152\" srcset=\"https:\/\/geschenk-markt.ch\/wp-content\/uploads\/2026\/08\/Rinde-Rindenscheibe-FSC-geoelt-16-2-edited.png 1733w, https:\/\/geschenk-markt.ch\/wp-content\/uploads\/2026\/08\/Rinde-Rindenscheibe-FSC-geoelt-16-2-edited-300x266.png 300w, https:\/\/geschenk-markt.ch\/wp-content\/uploads\/2026\/08\/Rinde-Rindenscheibe-FSC-geoelt-16-2-edited-1024x908.png 1024w, https:\/\/geschenk-markt.ch\/wp-content\/uploads\/2026\/08\/Rinde-Rindenscheibe-FSC-geoelt-16-2-edited-768x681.png 768w, https:\/\/geschenk-markt.ch\/wp-content\/uploads\/2026\/08\/Rinde-Rindenscheibe-FSC-geoelt-16-2-edited-1536x1361.png 1536w\" sizes=\"auto, (max-width: 1733px) 100vw, 1733px\" \/><\/figure>\n\n\n\n<h5 class=\"wp-block-heading is-style-text-annotation is-style-text-annotation--25\">Servierbrett mit Griff &amp; Rinde ge\u00f6lt aus Erlenholz <br>L 56 -65 cm\/B 22 &#8211; 28 cm<br>Pension<br><br><strong>CHF 46.&#8211; plus Porto<\/strong><\/h5>\n\n\n\n<div class=\"wp-block-buttons is-layout-flex wp-block-buttons-is-layout-flex\">\n<div class=\"wp-block-button\"><a class=\"wp-block-button__link wp-element-button\" href=\"mailto:erwin.braegger@gmail.com?subject=Anfrage%3A%20Servierbrett%20mit%20Griff%20%26%20Rinde%20ge%C3%B6lt%20aus%20Erlenholz%20L%2056-65%20cm%20B%2022-28%20cm%20Pension\" style=\"padding-top:0;padding-right:var(--wp--preset--spacing--20);padding-bottom:0;padding-left:var(--wp--preset--spacing--20)\">Anfrage senden<\/a><\/div>\n<\/div>\n<\/div>\n\n\n\n<div class=\"wp-block-column is-layout-flow wp-block-column-is-layout-flow\">\n<figure class=\"wp-block-image size-large\"><img loading=\"lazy\" decoding=\"async\" width=\"1708\" height=\"1536\" src=\"https:\/\/geschenk-markt.ch\/wp-content\/uploads\/2026\/08\/Rinde-Rindenscheibe-FSC-geoelt-20-2-edited.png\" alt=\"\" class=\"wp-image-153\" srcset=\"https:\/\/geschenk-markt.ch\/wp-content\/uploads\/2026\/08\/Rinde-Rindenscheibe-FSC-geoelt-20-2-edited.png 1708w, https:\/\/geschenk-markt.ch\/wp-content\/uploads\/2026\/08\/Rinde-Rindenscheibe-FSC-geoelt-20-2-edited-300x270.png 300w, https:\/\/geschenk-markt.ch\/wp-content\/uploads\/2026\/08\/Rinde-Rindenscheibe-FSC-geoelt-20-2-edited-1024x921.png 1024w, https:\/\/geschenk-markt.ch\/wp-content\/uploads\/2026\/08\/Rinde-Rindenscheibe-FSC-geoelt-20-2-edited-768x691.png 768w, https:\/\/geschenk-markt.ch\/wp-content\/uploads\/2026\/08\/Rinde-Rindenscheibe-FSC-geoelt-20-2-edited-1536x1381.png 1536w\" sizes=\"auto, (max-width: 1708px) 100vw, 1708px\" \/><\/figure>\n\n\n\n<h5 class=\"wp-block-heading is-style-text-annotation is-style-text-annotation--26\">Servierbrett mit Griff &amp; Rinde ge\u00f6lt aus Erlenholz <br>L 56 -65 cm\/B 22 &#8211; 28 cm<br>Firmenlogo<br><br><strong>CHF 46.&#8211; plus Porto<\/strong><\/h5>\n\n\n\n<div class=\"wp-block-buttons is-layout-flex wp-block-buttons-is-layout-flex\">\n<div class=\"wp-block-button\"><a class=\"wp-block-button__link wp-element-button\" href=\"mailto:erwin.braegger@gmail.com?subject=Anfrage%3A%20Servierbrett%20mit%20Griff%20%26%20Rinde%20ge%C3%B6lt%20aus%20Erlenholz%20L%2056-65%20cm%20B%2022-28%20cm%20Firmenlogo\" style=\"padding-top:0;padding-right:var(--wp--preset--spacing--20);padding-bottom:0;padding-left:var(--wp--preset--spacing--20)\">Anfrage senden<\/a><\/div>\n<\/div>\n<\/div>\n\n\n\n<div class=\"wp-block-column is-layout-flow wp-block-column-is-layout-flow\">\n<figure class=\"wp-block-image size-large\"><img loading=\"lazy\" decoding=\"async\" width=\"1718\" height=\"1536\" src=\"https:\/\/geschenk-markt.ch\/wp-content\/uploads\/2026\/08\/Rinde-Rindenscheibe-FSC-geoelt-9-2-edited.png\" alt=\"\" class=\"wp-image-154\" srcset=\"https:\/\/geschenk-markt.ch\/wp-content\/uploads\/2026\/08\/Rinde-Rindenscheibe-FSC-geoelt-9-2-edited.png 1718w, https:\/\/geschenk-markt.ch\/wp-content\/uploads\/2026\/08\/Rinde-Rindenscheibe-FSC-geoelt-9-2-edited-300x268.png 300w, https:\/\/geschenk-markt.ch\/wp-content\/uploads\/2026\/08\/Rinde-Rindenscheibe-FSC-geoelt-9-2-edited-1024x916.png 1024w, https:\/\/geschenk-markt.ch\/wp-content\/uploads\/2026\/08\/Rinde-Rindenscheibe-FSC-geoelt-9-2-edited-768x687.png 768w, https:\/\/geschenk-markt.ch\/wp-content\/uploads\/2026\/08\/Rinde-Rindenscheibe-FSC-geoelt-9-2-edited-1536x1373.png 1536w\" sizes=\"auto, (max-width: 1718px) 100vw, 1718px\" \/><\/figure>\n\n\n\n<h5 class=\"wp-block-heading is-style-text-annotation is-style-text-annotation--27\">Servierbrett mit Griff &amp; Rinde ge\u00f6lt aus Erlenholz <br>L 56 -65 cm\/B 22 &#8211; 28 cm<br>Pusteblume<br><br><strong>CHF 46.&#8211; plus Porto<\/strong><\/h5>\n\n\n\n<div class=\"wp-block-buttons is-layout-flex wp-block-buttons-is-layout-flex\">\n<div class=\"wp-block-button\"><a class=\"wp-block-button__link wp-element-button\" href=\"mailto:erwin.braegger@gmail.com?subject=Anfrage%3A%20Servierbrett%20mit%20Griff%20%26%20Rinde%20ge%C3%B6lt%20aus%20Erlenholz%20L%2056-65%20cm%20B%2022-28%20cm%20Pusteblume\" style=\"padding-top:0;padding-right:var(--wp--preset--spacing--20);padding-bottom:0;padding-left:var(--wp--preset--spacing--20)\">Anfrage senden<\/a><\/div>\n<\/div>\n<\/div>\n<\/div>\n\n\n\n<div class=\"wp-block-columns is-layout-flex wp-container-core-columns-is-layout-794e3cfa wp-block-columns-is-layout-flex\">\n<div class=\"wp-block-column is-layout-flow wp-block-column-is-layout-flow\">\n<figure class=\"wp-block-image size-large\"><img loading=\"lazy\" decoding=\"async\" width=\"1297\" height=\"1288\" src=\"https:\/\/geschenk-markt.ch\/wp-content\/uploads\/2026\/08\/Runder-Kaese-Drehteller-aus-Buch-geoelt-3-edited.png\" alt=\"Drehteller Hochzeit Initialen\" class=\"wp-image-75\" srcset=\"https:\/\/geschenk-markt.ch\/wp-content\/uploads\/2026\/08\/Runder-Kaese-Drehteller-aus-Buch-geoelt-3-edited.png 1297w, https:\/\/geschenk-markt.ch\/wp-content\/uploads\/2026\/08\/Runder-Kaese-Drehteller-aus-Buch-geoelt-3-edited-300x298.png 300w, https:\/\/geschenk-markt.ch\/wp-content\/uploads\/2026\/08\/Runder-Kaese-Drehteller-aus-Buch-geoelt-3-edited-1024x1017.png 1024w, https:\/\/geschenk-markt.ch\/wp-content\/uploads\/2026\/08\/Runder-Kaese-Drehteller-aus-Buch-geoelt-3-edited-150x150.png 150w, https:\/\/geschenk-markt.ch\/wp-content\/uploads\/2026\/08\/Runder-Kaese-Drehteller-aus-Buch-geoelt-3-edited-768x763.png 768w\" sizes=\"auto, (max-width: 1297px) 100vw, 1297px\" \/><\/figure>\n\n\n\n<h5 class=\"wp-block-heading is-style-text-annotation is-style-text-annotation--28\">Drehteller rund, natur<br>Charcuterie und K\u00e4seplatte aus Buchenholz Durchmesser 40cm<br>Lebensbaum<br><br><strong>CHF 39.&#8211; plus Porto<\/strong><\/h5>\n\n\n\n<div class=\"wp-block-buttons is-layout-flex wp-block-buttons-is-layout-flex\">\n<div class=\"wp-block-button\"><a class=\"wp-block-button__link wp-element-button\" href=\"mailto:erwin.braegger@gmail.com?subject=Anfrage%3A%20Drehteller%20rund%20natur%20Charcuterie%20und%20K%C3%A4seplatte%20aus%20Buchenholz%20Durchmesser%2040%20cm%20Lebensbaum\" style=\"padding-top:0;padding-right:var(--wp--preset--spacing--20);padding-bottom:0;padding-left:var(--wp--preset--spacing--20)\">Anfrage senden<\/a><\/div>\n<\/div>\n<\/div>\n\n\n\n<div class=\"wp-block-column is-layout-flow wp-block-column-is-layout-flow\">\n<figure class=\"wp-block-image size-large\"><img loading=\"lazy\" decoding=\"async\" width=\"1304\" height=\"1287\" src=\"https:\/\/geschenk-markt.ch\/wp-content\/uploads\/2026\/08\/Runder-Kaese-Drehteller-aus-Buch-geoelt-18-edited.png\" alt=\"Drehteller wir sagen Danke\" class=\"wp-image-74\" srcset=\"https:\/\/geschenk-markt.ch\/wp-content\/uploads\/2026\/08\/Runder-Kaese-Drehteller-aus-Buch-geoelt-18-edited.png 1304w, https:\/\/geschenk-markt.ch\/wp-content\/uploads\/2026\/08\/Runder-Kaese-Drehteller-aus-Buch-geoelt-18-edited-300x296.png 300w, https:\/\/geschenk-markt.ch\/wp-content\/uploads\/2026\/08\/Runder-Kaese-Drehteller-aus-Buch-geoelt-18-edited-1024x1011.png 1024w, https:\/\/geschenk-markt.ch\/wp-content\/uploads\/2026\/08\/Runder-Kaese-Drehteller-aus-Buch-geoelt-18-edited-768x758.png 768w\" sizes=\"auto, (max-width: 1304px) 100vw, 1304px\" \/><\/figure>\n\n\n\n<h5 class=\"wp-block-heading is-style-text-annotation is-style-text-annotation--29\">Drehteller rund, natur<br>Charcuterie und K\u00e4seplatte aus Buchenholz Durchmesser 40cm<br>Wir sagen Danke<br><br><strong>CHF 39.&#8211; plus Porto<\/strong><\/h5>\n\n\n\n<div class=\"wp-block-buttons is-layout-flex wp-block-buttons-is-layout-flex\">\n<div class=\"wp-block-button\"><a class=\"wp-block-button__link wp-element-button\" href=\"mailto:erwin.braegger@gmail.com?subject=Anfrage%3A%20Drehteller%20rund%20natur%20Charcuterie%20und%20K%C3%A4seplatte%20aus%20Buchenholz%20Durchmesser%2040%20cm%20Wir%20sagen%20Danke\" style=\"padding-top:0;padding-right:var(--wp--preset--spacing--20);padding-bottom:0;padding-left:var(--wp--preset--spacing--20)\">Anfrage senden<\/a><\/div>\n<\/div>\n<\/div>\n\n\n\n<div class=\"wp-block-column is-layout-flow wp-block-column-is-layout-flow\">\n<figure class=\"wp-block-image size-large\"><img loading=\"lazy\" decoding=\"async\" width=\"1284\" height=\"1283\" src=\"https:\/\/geschenk-markt.ch\/wp-content\/uploads\/2026\/08\/Runder-Kaese-Drehteller-aus-Buch-geoelt-15-edited.png\" alt=\"Drehteller Pension \" class=\"wp-image-73\" srcset=\"https:\/\/geschenk-markt.ch\/wp-content\/uploads\/2026\/08\/Runder-Kaese-Drehteller-aus-Buch-geoelt-15-edited.png 1284w, https:\/\/geschenk-markt.ch\/wp-content\/uploads\/2026\/08\/Runder-Kaese-Drehteller-aus-Buch-geoelt-15-edited-300x300.png 300w, https:\/\/geschenk-markt.ch\/wp-content\/uploads\/2026\/08\/Runder-Kaese-Drehteller-aus-Buch-geoelt-15-edited-1024x1024.png 1024w, https:\/\/geschenk-markt.ch\/wp-content\/uploads\/2026\/08\/Runder-Kaese-Drehteller-aus-Buch-geoelt-15-edited-150x150.png 150w, https:\/\/geschenk-markt.ch\/wp-content\/uploads\/2026\/08\/Runder-Kaese-Drehteller-aus-Buch-geoelt-15-edited-768x767.png 768w\" sizes=\"auto, (max-width: 1284px) 100vw, 1284px\" \/><\/figure>\n\n\n\n<h5 class=\"wp-block-heading is-style-text-annotation is-style-text-annotation--30\">Drehteller rund, natur<br>Charcuterie und K\u00e4seplatte aus Buchenholz Durchmesser 40cm<br>Pension<br><br><strong>CHF 39.&#8211; plus Porto<\/strong><\/h5>\n\n\n\n<div class=\"wp-block-buttons is-layout-flex wp-block-buttons-is-layout-flex\">\n<div class=\"wp-block-button\"><a class=\"wp-block-button__link wp-element-button\" href=\"mailto:erwin.braegger@gmail.com?subject=Anfrage%3A%20Drehteller%20rund%20natur%20Charcuterie%20und%20K%C3%A4seplatte%20aus%20Buchenholz%20Durchmesser%2040%20cm%20Pension\" style=\"padding-top:0;padding-right:var(--wp--preset--spacing--20);padding-bottom:0;padding-left:var(--wp--preset--spacing--20)\">Anfrage senden<\/a><\/div>\n<\/div>\n<\/div>\n<\/div>\n\n\n\n<div class=\"wp-block-group has-global-padding is-layout-constrained wp-block-group-is-layout-constrained\">\n<div class=\"wp-block-group has-accent-5-background-color has-background has-global-padding is-layout-constrained wp-block-group-is-layout-constrained\">\n<p class=\"has-text-align-left has-accent-5-background-color has-background has-x-large-font-size wp-block-paragraph\" style=\"padding-right:0;padding-left:0\">        Fragen oder besondere W\u00fcnsche?<\/p>\n\n\n\n<p class=\"has-accent-5-background-color has-background wp-block-paragraph\">Melden Sie sich gerne per E Mail unter <strong><a>erwin.braegger@gmail.com<\/a><\/strong> Wir geben Ihnen gerne weitere Ausk\u00fcnfte und zeigen Ihnen auf Wunsch zus\u00e4tzliche Sujets und Gravurbeispiele.<\/p>\n\n\n\n<p class=\"has-accent-5-background-color has-background wp-block-paragraph\">M\u00f6chten Sie ein pers\u00f6nliches Bild, einen eigenen Schriftzug oder Ihr Firmenlogo gravieren lassen? Senden Sie uns Ihre Idee. Wir helfen Ihnen gerne bei der Umsetzung weiter.<\/p>\n<\/div>\n<\/div>\n\n\n\n<p class=\"wp-block-paragraph\"><\/p>\n","protected":false},"excerpt":{"rendered":"<p>Pers\u00f6nlich gravierte Schneide- und Servierbretter aus Holz Unsere Schneide und Servierbretter werden nach Ihren W\u00fcnschen individuell graviert. Ob Name, pers\u00f6nlicher Spruch, Jubil\u00e4um, Pensionierung oder Firmenlogo \u2013 so entsteht ein pers\u00f6nliches Geschenk f\u00fcr viele besondere Anl\u00e4sse. Untenstehend finden Sie einige Ideen. Alle angegebenen Preise verstehen sich inklusive Gravur. F\u00fcr den Versand berechnen wir zus\u00e4tzlich CHF 9.90 [&hellip;]<\/p>\n","protected":false},"author":1,"featured_media":0,"parent":0,"menu_order":0,"comment_status":"closed","ping_status":"closed","template":"","meta":{"footnotes":""},"class_list":["post-64","page","type-page","status-publish","hentry"],"_links":{"self":[{"href":"https:\/\/geschenk-markt.ch\/index.php?rest_route=\/wp\/v2\/pages\/64","targetHints":{"allow":["GET"]}}],"collection":[{"href":"https:\/\/geschenk-markt.ch\/index.php?rest_route=\/wp\/v2\/pages"}],"about":[{"href":"https:\/\/geschenk-markt.ch\/index.php?rest_route=\/wp\/v2\/types\/page"}],"author":[{"embeddable":true,"href":"https:\/\/geschenk-markt.ch\/index.php?rest_route=\/wp\/v2\/users\/1"}],"replies":[{"embeddable":true,"href":"https:\/\/geschenk-markt.ch\/index.php?rest_route=%2Fwp%2Fv2%2Fcomments&post=64"}],"version-history":[{"count":16,"href":"https:\/\/geschenk-markt.ch\/index.php?rest_route=\/wp\/v2\/pages\/64\/revisions"}],"predecessor-version":[{"id":189,"href":"https:\/\/geschenk-markt.ch\/index.php?rest_route=\/wp\/v2\/pages\/64\/revisions\/189"}],"wp:attachment":[{"href":"https:\/\/geschenk-markt.ch\/index.php?rest_route=%2Fwp%2Fv2%2Fmedia&parent=64"}],"curies":[{"name":"wp","href":"https:\/\/api.w.org\/{rel}","templated":true}]}}